{"id":157,"date":"2017-01-18T18:02:23","date_gmt":"2017-01-18T17:02:23","guid":{"rendered":"http:\/\/christianraboud.ch\/thienlequoc\/?page_id=157"},"modified":"2023-12-12T11:19:55","modified_gmt":"2023-12-12T10:19:55","slug":"bio-4","status":"publish","type":"page","link":"https:\/\/thienlequoc.ch\/?page_id=157","title":{"rendered":"Expositions"},"content":{"rendered":"\t\t<div data-elementor-type=\"wp-page\" data-elementor-id=\"157\" class=\"elementor elementor-157\">\n\t\t\t\t\t\t<div class=\"elementor-inner\">\n\t\t\t\t<div class=\"elementor-section-wrap\">\n\t\t\t\t\t\t\t\t\t<section class=\"elementor-section elementor-top-section elementor-element elementor-element-68e0163 elementor-section-boxed elementor-section-height-default elementor-section-height-default\" data-id=\"68e0163\" data-element_type=\"section\">\n\t\t\t\t\t\t<div class=\"elementor-container elementor-column-gap-default\">\n\t\t\t\t\t\t\t<div class=\"elementor-row\">\n\t\t\t\t\t<div class=\"elementor-column elementor-col-100 elementor-top-column elementor-element elementor-element-e3635c3\" data-id=\"e3635c3\" data-element_type=\"column\">\n\t\t\t<div class=\"elementor-column-wrap elementor-element-populated\">\n\t\t\t\t\t\t\t<div class=\"elementor-widget-wrap\">\n\t\t\t\t\t\t<div class=\"elementor-element elementor-element-7152c3f elementor-widget elementor-widget-image-gallery\" data-id=\"7152c3f\" data-element_type=\"widget\" data-widget_type=\"image-gallery.default\">\n\t\t\t\t<div class=\"elementor-widget-container\">\n\t\t\t\t\t<div class=\"elementor-image-gallery\">\n\t\t\t\n\t\t<style type=\"text\/css\">\n\t\t\t#gallery-1 {\n\t\t\t\tmargin: auto;\n\t\t\t}\n\t\t\t#gallery-1 .gallery-item {\n\t\t\t\tfloat: left;\n\t\t\t\tmargin-top: 10px;\n\t\t\t\ttext-align: center;\n\t\t\t\twidth: 25%;\n\t\t\t}\n\t\t\t#gallery-1 img {\n\t\t\t\tborder: 2px solid #cfcfcf;\n\t\t\t}\n\t\t\t#gallery-1 .gallery-caption {\n\t\t\t\tmargin-left: 0;\n\t\t\t}\n\t\t\t\/* see gallery_shortcode() in wp-includes\/media.php *\/\n\t\t<\/style>\n\t\t<div id='gallery-1' class='gallery galleryid-157 gallery-columns-4 gallery-size-thumbnail'><dl class='gallery-item'>\n\t\t\t<dt class='gallery-icon portrait'>\n\t\t\t\t<a data-elementor-open-lightbox=\"yes\" data-elementor-lightbox-slideshow=\"7152c3f\" data-elementor-lightbox-title=\"capture-expo-bramois\" e-action-hash=\"#elementor-action%3Aaction%3Dlightbox%26settings%3DeyJpZCI6NjA0LCJ1cmwiOiJodHRwczpcL1wvdGhpZW5sZXF1b2MuY2hcL3dwLWNvbnRlbnRcL3VwbG9hZHNcLzIwMjBcLzA2XC9jYXB0dXJlLWV4cG8tYnJhbW9pcy5qcGciLCJzbGlkZXNob3ciOiI3MTUyYzNmIn0%3D\" href='https:\/\/thienlequoc.ch\/wp-content\/uploads\/2020\/06\/capture-expo-bramois.jpg'><img width=\"150\" height=\"150\" src=\"https:\/\/thienlequoc.ch\/wp-content\/uploads\/2020\/06\/capture-expo-bramois-150x150.jpg\" class=\"attachment-thumbnail size-thumbnail\" alt=\"\" loading=\"lazy\" aria-describedby=\"gallery-1-604\" \/><\/a>\n\t\t\t<\/dt>\n\t\t\t\t<dd class='wp-caption-text gallery-caption' id='gallery-1-604'>\n\t\t\t\tCaveau de la poste   Bramois   2020\n\t\t\t\t<\/dd><\/dl><dl class='gallery-item'>\n\t\t\t<dt class='gallery-icon portrait'>\n\t\t\t\t<a data-elementor-open-lightbox=\"yes\" data-elementor-lightbox-slideshow=\"7152c3f\" data-elementor-lightbox-title=\"capture-expo-mbh\" e-action-hash=\"#elementor-action%3Aaction%3Dlightbox%26settings%3DeyJpZCI6NjExLCJ1cmwiOiJodHRwczpcL1wvdGhpZW5sZXF1b2MuY2hcL3dwLWNvbnRlbnRcL3VwbG9hZHNcLzIwMjBcLzA2XC9jYXB0dXJlLWV4cG8tbWJoLmpwZyIsInNsaWRlc2hvdyI6IjcxNTJjM2YifQ%3D%3D\" href='https:\/\/thienlequoc.ch\/wp-content\/uploads\/2020\/06\/capture-expo-mbh.jpg'><img width=\"150\" height=\"150\" src=\"https:\/\/thienlequoc.ch\/wp-content\/uploads\/2020\/06\/capture-expo-mbh-150x150.jpg\" class=\"attachment-thumbnail size-thumbnail\" alt=\"\" loading=\"lazy\" aria-describedby=\"gallery-1-611\" \/><\/a>\n\t\t\t<\/dt>\n\t\t\t\t<dd class='wp-caption-text gallery-caption' id='gallery-1-611'>\n\t\t\t\tExpo Weekend Nectart   Martigny   2019\n\t\t\t\t<\/dd><\/dl><dl class='gallery-item'>\n\t\t\t<dt class='gallery-icon portrait'>\n\t\t\t\t<a data-elementor-open-lightbox=\"yes\" data-elementor-lightbox-slideshow=\"7152c3f\" data-elementor-lightbox-title=\"capture-expo-thien\" e-action-hash=\"#elementor-action%3Aaction%3Dlightbox%26settings%3DeyJpZCI6NjA3LCJ1cmwiOiJodHRwczpcL1wvdGhpZW5sZXF1b2MuY2hcL3dwLWNvbnRlbnRcL3VwbG9hZHNcLzIwMjBcLzA2XC9jYXB0dXJlLWV4cG8tdGhpZW4uanBnIiwic2xpZGVzaG93IjoiNzE1MmMzZiJ9\" href='https:\/\/thienlequoc.ch\/wp-content\/uploads\/2020\/06\/capture-expo-thien.jpg'><img width=\"150\" height=\"150\" src=\"https:\/\/thienlequoc.ch\/wp-content\/uploads\/2020\/06\/capture-expo-thien-150x150.jpg\" class=\"attachment-thumbnail size-thumbnail\" alt=\"\" loading=\"lazy\" aria-describedby=\"gallery-1-607\" \/><\/a>\n\t\t\t<\/dt>\n\t\t\t\t<dd class='wp-caption-text gallery-caption' id='gallery-1-607'>\n\t\t\t\tLes artistes   St-Maurice   2019\n\t\t\t\t<\/dd><\/dl><dl class='gallery-item'>\n\t\t\t<dt class='gallery-icon portrait'>\n\t\t\t\t<a data-elementor-open-lightbox=\"yes\" data-elementor-lightbox-slideshow=\"7152c3f\" data-elementor-lightbox-title=\"Exposition Le laurier, Monthey, 2018\" e-action-hash=\"#elementor-action%3Aaction%3Dlightbox%26settings%3DeyJpZCI6NTU0LCJ1cmwiOiJodHRwczpcL1wvdGhpZW5sZXF1b2MuY2hcL3dwLWNvbnRlbnRcL3VwbG9hZHNcLzIwMTdcLzEyXC9tYWxldm96X2FmZmljaGVfYTNfbGVxdW9jLW1vcmFuZGluaS0xLmpwZyIsInNsaWRlc2hvdyI6IjcxNTJjM2YifQ%3D%3D\" href='https:\/\/thienlequoc.ch\/wp-content\/uploads\/2017\/12\/malevoz_affiche_a3_lequoc-morandini-1.jpg'><img width=\"150\" height=\"150\" src=\"https:\/\/thienlequoc.ch\/wp-content\/uploads\/2017\/12\/malevoz_affiche_a3_lequoc-morandini-1-150x150.jpg\" class=\"attachment-thumbnail size-thumbnail\" alt=\"\" loading=\"lazy\" aria-describedby=\"gallery-1-554\" srcset=\"https:\/\/thienlequoc.ch\/wp-content\/uploads\/2017\/12\/malevoz_affiche_a3_lequoc-morandini-1-150x150.jpg 150w, https:\/\/thienlequoc.ch\/wp-content\/uploads\/2017\/12\/malevoz_affiche_a3_lequoc-morandini-1-550x550.jpg 550w, https:\/\/thienlequoc.ch\/wp-content\/uploads\/2017\/12\/malevoz_affiche_a3_lequoc-morandini-1-1100x1100.jpg 1100w, https:\/\/thienlequoc.ch\/wp-content\/uploads\/2017\/12\/malevoz_affiche_a3_lequoc-morandini-1-500x500.jpg 500w, https:\/\/thienlequoc.ch\/wp-content\/uploads\/2017\/12\/malevoz_affiche_a3_lequoc-morandini-1-225x225.jpg 225w, https:\/\/thienlequoc.ch\/wp-content\/uploads\/2017\/12\/malevoz_affiche_a3_lequoc-morandini-1-200x200.jpg 200w, https:\/\/thienlequoc.ch\/wp-content\/uploads\/2017\/12\/malevoz_affiche_a3_lequoc-morandini-1-400x400.jpg 400w, https:\/\/thienlequoc.ch\/wp-content\/uploads\/2017\/12\/malevoz_affiche_a3_lequoc-morandini-1-300x300.jpg 300w, https:\/\/thienlequoc.ch\/wp-content\/uploads\/2017\/12\/malevoz_affiche_a3_lequoc-morandini-1-600x600.jpg 600w\" sizes=\"(max-width: 150px) 100vw, 150px\" \/><\/a>\n\t\t\t<\/dt>\n\t\t\t\t<dd class='wp-caption-text gallery-caption' id='gallery-1-554'>\n\t\t\t\tMal\u00e9voz Galerie culturel   Monthey   2018\n\t\t\t\t<\/dd><\/dl><br style=\"clear: both\" \/><dl class='gallery-item'>\n\t\t\t<dt class='gallery-icon portrait'>\n\t\t\t\t<a data-elementor-open-lightbox=\"yes\" data-elementor-lightbox-slideshow=\"7152c3f\" data-elementor-lightbox-title=\"exposition-collective-vidondee-a-riddes\" e-action-hash=\"#elementor-action%3Aaction%3Dlightbox%26settings%3DeyJpZCI6NjQ4LCJ1cmwiOiJodHRwczpcL1wvdGhpZW5sZXF1b2MuY2hcL3dwLWNvbnRlbnRcL3VwbG9hZHNcLzIwMjNcLzEyXC9leHBvc2l0aW9uLWNvbGxlY3RpdmUtdmlkb25kZWUtYS1yaWRkZXMucG5nIiwic2xpZGVzaG93IjoiNzE1MmMzZiJ9\" href='https:\/\/thienlequoc.ch\/wp-content\/uploads\/2023\/12\/exposition-collective-vidondee-a-riddes.png'><img width=\"150\" height=\"150\" src=\"https:\/\/thienlequoc.ch\/wp-content\/uploads\/2023\/12\/exposition-collective-vidondee-a-riddes-150x150.png\" class=\"attachment-thumbnail size-thumbnail\" alt=\"\" loading=\"lazy\" aria-describedby=\"gallery-1-648\" \/><\/a>\n\t\t\t<\/dt>\n\t\t\t\t<dd class='wp-caption-text gallery-caption' id='gallery-1-648'>\n\t\t\t\t Exposition collective-Vidond\u00e9e \u00e0 Riddes, d\u00e9cembre 2023.\n\t\t\t\t<\/dd><\/dl><dl class='gallery-item'>\n\t\t\t<dt class='gallery-icon portrait'>\n\t\t\t\t<a data-elementor-open-lightbox=\"yes\" data-elementor-lightbox-slideshow=\"7152c3f\" data-elementor-lightbox-title=\"2-exposition-collective-vidondee-a-riddes\" e-action-hash=\"#elementor-action%3Aaction%3Dlightbox%26settings%3DeyJpZCI6NjQ3LCJ1cmwiOiJodHRwczpcL1wvdGhpZW5sZXF1b2MuY2hcL3dwLWNvbnRlbnRcL3VwbG9hZHNcLzIwMjNcLzEyXC8yLWV4cG9zaXRpb24tY29sbGVjdGl2ZS12aWRvbmRlZS1hLXJpZGRlcy5wbmciLCJzbGlkZXNob3ciOiI3MTUyYzNmIn0%3D\" href='https:\/\/thienlequoc.ch\/wp-content\/uploads\/2023\/12\/2-exposition-collective-vidondee-a-riddes.png'><img width=\"150\" height=\"150\" src=\"https:\/\/thienlequoc.ch\/wp-content\/uploads\/2023\/12\/2-exposition-collective-vidondee-a-riddes-150x150.png\" class=\"attachment-thumbnail size-thumbnail\" alt=\"\" loading=\"lazy\" aria-describedby=\"gallery-1-647\" \/><\/a>\n\t\t\t<\/dt>\n\t\t\t\t<dd class='wp-caption-text gallery-caption' id='gallery-1-647'>\n\t\t\t\t Exposition collective-Vidond\u00e9e \u00e0 Riddes, d\u00e9cembre 2023.\n\t\t\t\t<\/dd><\/dl>\n\t\t\t<br style='clear: both' \/>\n\t\t<\/div>\n\t\t<\/div>\n\t\t\t\t<\/div>\n\t\t\t\t<\/div>\n\t\t\t\t\t\t<\/div>\n\t\t\t\t\t<\/div>\n\t\t<\/div>\n\t\t\t\t\t\t\t\t<\/div>\n\t\t\t\t\t<\/div>\n\t\t<\/section>\n\t\t\t\t\t\t\t\t\t<\/div>\n\t\t\t<\/div>\n\t\t\t\t\t<\/div>\n\t\t","protected":false},"excerpt":{"rendered":"<p>Caveau de la poste Bramois 2020 Expo Weekend Nectart Martigny 2019 Les artistes St-Maurice 2019 Mal\u00e9voz Galerie culturel Monthey 2018 Exposition collective-Vidond\u00e9e \u00e0 Riddes, d\u00e9cembre 2023. Exposition collective-Vidond\u00e9e \u00e0 Riddes, d\u00e9cembre 2023.<\/p>\n","protected":false},"author":1,"featured_media":0,"parent":0,"menu_order":0,"comment_status":"closed","ping_status":"closed","template":"","meta":[],"_links":{"self":[{"href":"https:\/\/thienlequoc.ch\/index.php?rest_route=\/wp\/v2\/pages\/157"}],"collection":[{"href":"https:\/\/thienlequoc.ch\/index.php?rest_route=\/wp\/v2\/pages"}],"about":[{"href":"https:\/\/thienlequoc.ch\/index.php?rest_route=\/wp\/v2\/types\/page"}],"author":[{"embeddable":true,"href":"https:\/\/thienlequoc.ch\/index.php?rest_route=\/wp\/v2\/users\/1"}],"replies":[{"embeddable":true,"href":"https:\/\/thienlequoc.ch\/index.php?rest_route=%2Fwp%2Fv2%2Fcomments&post=157"}],"version-history":[{"count":20,"href":"https:\/\/thienlequoc.ch\/index.php?rest_route=\/wp\/v2\/pages\/157\/revisions"}],"predecessor-version":[{"id":651,"href":"https:\/\/thienlequoc.ch\/index.php?rest_route=\/wp\/v2\/pages\/157\/revisions\/651"}],"wp:attachment":[{"href":"https:\/\/thienlequoc.ch\/index.php?rest_route=%2Fwp%2Fv2%2Fmedia&parent=157"}],"curies":[{"name":"wp","href":"https:\/\/api.w.org\/{rel}","templated":true}]}}